{"id":146,"date":"2015-09-23T15:50:42","date_gmt":"2015-09-23T15:50:42","guid":{"rendered":"http:\/\/juanjosefernandez.es\/?post_type=portfolio&#038;p=146"},"modified":"2016-01-12T11:14:45","modified_gmt":"2016-01-12T11:14:45","slug":"las-violetas","status":"publish","type":"portfolio","link":"https:\/\/juanjosefernandez.es\/pt\/portfolio\/las-violetas\/","title":{"rendered":"Las Violetas"},"content":{"rendered":"<div class=\"wpb-content-wrapper\"><p>[vc_row][vc_column width=&#8221;1\/2&#8243;][vc_column_text]Jard\u00edn de 1100 m2 de nueva construcci\u00f3n, situado en la zona costera de Huelva.<\/p>\n<p>Se realiza un Proyecto en el que se detallan todas las construcciones que conformar\u00e1n el nuevo jard\u00edn; as\u00ed pues, se ejecuta un canal de agua que termina en una fuente de corte arabesco. Se redise\u00f1a la piscina visti\u00e9ndola con m\u00e1rmol blanco abujardado, y se construye una p\u00e9rgola en hierro, conformando entre las tres un nuevo eje principal.<\/p>\n<p>Se ejecuta una amplia zona de aparcamiento con adoqu\u00edn prefabricado, cubierta de otra p\u00e9rgola y se separa de la zona principal con traviesas de tren. Se modifica la escalera existente con arriates de diferentes vol\u00famenes.<\/p>\n<p>Sin duda, son sus diez palmeras Washingtonias robustas, las que le dan fuerza al nuevo jard\u00edn y enmarcan la fuente como principal foco de atenci\u00f3n.[\/vc_column_text][\/vc_column][vc_column width=&#8221;1\/2&#8243;][vc_single_image image=&#8221;151&#8243; img_size=&#8221;560&#215;395&#8243; onclick=&#8221;link_image&#8221;][\/vc_column][\/vc_row][vc_row][vc_column]<div id=\"jig4\" class=\"justified-image-grid jig-180704f9cc6beca1ec4976f22748c7a2 jig-preset-4 jig-source-wp-gallery\"><div class=\"jig-clearfix\"><\/div><noscript id=\"jig4-html\" class=\"justified-image-grid-html\" data-lazy-src=\"skiplazyload\" data-src=\"skipunveillazyload\"><ul><li><a href=\"https:\/\/juanjosefernandez.es\/wp-content\/uploads\/2015\/09\/1.IMG_1267.jpg\"><img loading=\"lazy\" decoding=\"async\" src=\"https:\/\/juanjosefernandez.es\/wp-content\/plugins\/justified-image-grid\/timthumb.php?src=https%3A%2F%2Fjuanjosefernandez.es%2Fwp-content%2Fuploads%2F2015%2F09%2F1.IMG_1267.jpg&amp;h=335&amp;w=596&amp;q=90&amp;f=.jpg\" alt=\"LAS VIOLETAS  EL PORTIL. HUELVA\" width=\"596\" height=\"335\" \/><\/a><p class=\"jig-HTMLdescription\">LAS VIOLETAS  EL PORTIL. HUELVA<\/p><\/li><li><a href=\"https:\/\/juanjosefernandez.es\/wp-content\/uploads\/2015\/09\/2.Maestro-El-Portil-Model.jpg\"><img loading=\"lazy\" decoding=\"async\" src=\"https:\/\/juanjosefernandez.es\/wp-content\/plugins\/justified-image-grid\/timthumb.php?src=https%3A%2F%2Fjuanjosefernandez.es%2Fwp-content%2Fuploads%2F2015%2F09%2F2.Maestro-El-Portil-Model.jpg&amp;h=335&amp;w=596&amp;q=90&amp;f=.jpg\" alt=\"LAS VIOLETAS  EL PORTIL. HUELVA\" width=\"596\" height=\"335\" \/><\/a><p class=\"jig-HTMLdescription\">LAS VIOLETAS  EL PORTIL. HUELVA<\/p><\/li><li><a href=\"https:\/\/juanjosefernandez.es\/wp-content\/uploads\/2015\/09\/3.Facebook-Model.jpg\"><img loading=\"lazy\" decoding=\"async\" src=\"https:\/\/juanjosefernandez.es\/wp-content\/plugins\/justified-image-grid\/timthumb.php?src=https%3A%2F%2Fjuanjosefernandez.es%2Fwp-content%2Fuploads%2F2015%2F09%2F3.Facebook-Model.jpg&amp;h=335&amp;w=596&amp;q=90&amp;f=.jpg\" alt=\"LAS VIOLETAS  EL PORTIL. HUELVA\" width=\"596\" height=\"335\" \/><\/a><p class=\"jig-HTMLdescription\">LAS VIOLETAS  EL PORTIL. HUELVA<\/p><\/li><li><a href=\"https:\/\/juanjosefernandez.es\/wp-content\/uploads\/2015\/09\/5.DSC01897.jpg\"><img loading=\"lazy\" decoding=\"async\" src=\"https:\/\/juanjosefernandez.es\/wp-content\/plugins\/justified-image-grid\/timthumb.php?src=https%3A%2F%2Fjuanjosefernandez.es%2Fwp-content%2Fuploads%2F2015%2F09%2F5.DSC01897.jpg&amp;h=335&amp;w=596&amp;q=90&amp;f=.jpg\" alt=\"LAS VIOLETAS  EL PORTIL. HUELVA\" width=\"596\" height=\"335\" \/><\/a><p class=\"jig-HTMLdescription\">LAS VIOLETAS  EL PORTIL. HUELVA<\/p><\/li><li><a href=\"https:\/\/juanjosefernandez.es\/wp-content\/uploads\/2015\/09\/6.IMG_0840-1024x683.jpg\"><img loading=\"lazy\" decoding=\"async\" src=\"https:\/\/juanjosefernandez.es\/wp-content\/plugins\/justified-image-grid\/timthumb.php?src=https%3A%2F%2Fjuanjosefernandez.es%2Fwp-content%2Fuploads%2F2015%2F09%2F6.IMG_0840-1024x683.jpg&amp;h=335&amp;w=596&amp;q=90&amp;f=.jpg\" alt=\"LAS VIOLETAS  EL PORTIL. HUELVA\" width=\"596\" height=\"335\" \/><\/a><p class=\"jig-HTMLdescription\">LAS VIOLETAS  EL PORTIL. HUELVA<\/p><\/li><li><a href=\"https:\/\/juanjosefernandez.es\/wp-content\/uploads\/2015\/09\/6a.Varias-333-1024x683.jpg\"><img loading=\"lazy\" decoding=\"async\" src=\"https:\/\/juanjosefernandez.es\/wp-content\/plugins\/justified-image-grid\/timthumb.php?src=https%3A%2F%2Fjuanjosefernandez.es%2Fwp-content%2Fuploads%2F2015%2F09%2F6a.Varias-333-1024x683.jpg&amp;h=335&amp;w=596&amp;q=90&amp;f=.jpg\" alt=\"LAS VIOLETAS  EL PORTIL. HUELVA\" width=\"596\" height=\"335\" \/><\/a><p class=\"jig-HTMLdescription\">LAS VIOLETAS  EL PORTIL. HUELVA<\/p><\/li><li><a href=\"https:\/\/juanjosefernandez.es\/wp-content\/uploads\/2015\/09\/7.jpg\" title=\"7\"><img loading=\"lazy\" decoding=\"async\" src=\"https:\/\/juanjosefernandez.es\/wp-content\/plugins\/justified-image-grid\/timthumb.php?src=https%3A%2F%2Fjuanjosefernandez.es%2Fwp-content%2Fuploads%2F2015%2F09%2F7.jpg&amp;h=335&amp;w=596&amp;q=90&amp;f=.jpg\" alt=\"LAS VIOLETAS  EL PORTIL. HUELVA\" width=\"596\" height=\"335\" \/><\/a><p class=\"jig-HTMLdescription\">LAS VIOLETAS  EL PORTIL. HUELVA<br\/>7<\/p><\/li><li><a href=\"https:\/\/juanjosefernandez.es\/wp-content\/uploads\/2015\/09\/7a.IMG_7439_1024-1024x683.jpg\"><img loading=\"lazy\" decoding=\"async\" src=\"https:\/\/juanjosefernandez.es\/wp-content\/plugins\/justified-image-grid\/timthumb.php?src=https%3A%2F%2Fjuanjosefernandez.es%2Fwp-content%2Fuploads%2F2015%2F09%2F7a.IMG_7439_1024-1024x683.jpg&amp;h=335&amp;w=596&amp;q=90&amp;f=.jpg\" alt=\"LAS VIOLETAS  EL PORTIL. HUELVA\" width=\"596\" height=\"335\" \/><\/a><p class=\"jig-HTMLdescription\">LAS VIOLETAS  EL PORTIL. HUELVA<\/p><\/li><li><a href=\"https:\/\/juanjosefernandez.es\/wp-content\/uploads\/2015\/09\/7bIMG_7449_1024-1024x683.jpg\"><img loading=\"lazy\" decoding=\"async\" src=\"https:\/\/juanjosefernandez.es\/wp-content\/plugins\/justified-image-grid\/timthumb.php?src=https%3A%2F%2Fjuanjosefernandez.es%2Fwp-content%2Fuploads%2F2015%2F09%2F7bIMG_7449_1024-1024x683.jpg&amp;h=335&amp;w=596&amp;q=90&amp;f=.jpg\" alt=\"LAS VIOLETAS  EL PORTIL. HUELVA\" width=\"596\" height=\"335\" \/><\/a><p class=\"jig-HTMLdescription\">LAS VIOLETAS  EL PORTIL. HUELVA<\/p><\/li><li><a href=\"https:\/\/juanjosefernandez.es\/wp-content\/uploads\/2015\/09\/10.IMG_9801.jpg\"><img loading=\"lazy\" decoding=\"async\" src=\"https:\/\/juanjosefernandez.es\/wp-content\/plugins\/justified-image-grid\/timthumb.php?src=https%3A%2F%2Fjuanjosefernandez.es%2Fwp-content%2Fuploads%2F2015%2F09%2F10.IMG_9801.jpg&amp;h=335&amp;w=596&amp;q=90&amp;f=.jpg\" alt=\"LAS VIOLETAS  EL PORTIL. HUELVA\" width=\"596\" height=\"335\" \/><\/a><p class=\"jig-HTMLdescription\">LAS VIOLETAS  EL PORTIL. HUELVA<\/p><\/li><li><a href=\"https:\/\/juanjosefernandez.es\/wp-content\/uploads\/2015\/09\/11.bIMG_7444_1024-1024x683.jpg\"><img loading=\"lazy\" decoding=\"async\" src=\"https:\/\/juanjosefernandez.es\/wp-content\/plugins\/justified-image-grid\/timthumb.php?src=https%3A%2F%2Fjuanjosefernandez.es%2Fwp-content%2Fuploads%2F2015%2F09%2F11.bIMG_7444_1024-1024x683.jpg&amp;h=335&amp;w=596&amp;q=90&amp;f=.jpg\" alt=\"LAS VIOLETAS  EL PORTIL. HUELVA\" width=\"596\" height=\"335\" \/><\/a><p class=\"jig-HTMLdescription\">LAS VIOLETAS  EL PORTIL. HUELVA<\/p><\/li><li><a href=\"https:\/\/juanjosefernandez.es\/wp-content\/uploads\/2015\/09\/11a.IMG_7438_1024-1024x683.jpg\"><img loading=\"lazy\" decoding=\"async\" src=\"https:\/\/juanjosefernandez.es\/wp-content\/plugins\/justified-image-grid\/timthumb.php?src=https%3A%2F%2Fjuanjosefernandez.es%2Fwp-content%2Fuploads%2F2015%2F09%2F11a.IMG_7438_1024-1024x683.jpg&amp;h=335&amp;w=596&amp;q=90&amp;f=.jpg\" alt=\"LAS VIOLETAS  EL PORTIL. HUELVA\" width=\"596\" height=\"335\" \/><\/a><p class=\"jig-HTMLdescription\">LAS VIOLETAS  EL PORTIL. HUELVA<\/p><\/li><li><a href=\"https:\/\/juanjosefernandez.es\/wp-content\/uploads\/2015\/09\/12.IMG_7459_1024-1024x683.jpg\"><img loading=\"lazy\" decoding=\"async\" src=\"https:\/\/juanjosefernandez.es\/wp-content\/plugins\/justified-image-grid\/timthumb.php?src=https%3A%2F%2Fjuanjosefernandez.es%2Fwp-content%2Fuploads%2F2015%2F09%2F12.IMG_7459_1024-1024x683.jpg&amp;h=335&amp;w=596&amp;q=90&amp;f=.jpg\" alt=\"LAS VIOLETAS  EL PORTIL. HUELVA\" width=\"596\" height=\"335\" \/><\/a><p class=\"jig-HTMLdescription\">LAS VIOLETAS  EL PORTIL. HUELVA<\/p><\/li><li><a href=\"https:\/\/juanjosefernandez.es\/wp-content\/uploads\/2015\/09\/13.DSC01902.jpg\"><img loading=\"lazy\" decoding=\"async\" src=\"https:\/\/juanjosefernandez.es\/wp-content\/plugins\/justified-image-grid\/timthumb.php?src=https%3A%2F%2Fjuanjosefernandez.es%2Fwp-content%2Fuploads%2F2015%2F09%2F13.DSC01902.jpg&amp;h=335&amp;w=596&amp;q=90&amp;f=.jpg\" alt=\"LAS VIOLETAS  EL PORTIL. HUELVA\" width=\"596\" height=\"335\" \/><\/a><p class=\"jig-HTMLdescription\">LAS VIOLETAS  EL PORTIL. HUELVA<\/p><\/li><li><a href=\"https:\/\/juanjosefernandez.es\/wp-content\/uploads\/2015\/09\/13a.IMG_7494_1024-1024x683.jpg\"><img loading=\"lazy\" decoding=\"async\" src=\"https:\/\/juanjosefernandez.es\/wp-content\/plugins\/justified-image-grid\/timthumb.php?src=https%3A%2F%2Fjuanjosefernandez.es%2Fwp-content%2Fuploads%2F2015%2F09%2F13a.IMG_7494_1024-1024x683.jpg&amp;h=335&amp;w=596&amp;q=90&amp;f=.jpg\" alt=\"LAS VIOLETAS  EL PORTIL. HUELVA\" width=\"596\" height=\"335\" \/><\/a><p class=\"jig-HTMLdescription\">LAS VIOLETAS  EL PORTIL. HUELVA<\/p><\/li><li><a href=\"https:\/\/juanjosefernandez.es\/wp-content\/uploads\/2015\/09\/20.DSC02007.jpg\"><img loading=\"lazy\" decoding=\"async\" src=\"https:\/\/juanjosefernandez.es\/wp-content\/plugins\/justified-image-grid\/timthumb.php?src=https%3A%2F%2Fjuanjosefernandez.es%2Fwp-content%2Fuploads%2F2015%2F09%2F20.DSC02007.jpg&amp;h=335&amp;w=596&amp;q=90&amp;f=.jpg\" alt=\"LAS VIOLETAS  EL PORTIL. HUELVA\" width=\"596\" height=\"335\" \/><\/a><p class=\"jig-HTMLdescription\">LAS VIOLETAS  EL PORTIL. HUELVA<\/p><\/li><li><a href=\"https:\/\/juanjosefernandez.es\/wp-content\/uploads\/2015\/09\/21.IMG_7461_1024-1024x683.jpg\"><img loading=\"lazy\" decoding=\"async\" src=\"https:\/\/juanjosefernandez.es\/wp-content\/plugins\/justified-image-grid\/timthumb.php?src=https%3A%2F%2Fjuanjosefernandez.es%2Fwp-content%2Fuploads%2F2015%2F09%2F21.IMG_7461_1024-1024x683.jpg&amp;h=335&amp;w=596&amp;q=90&amp;f=.jpg\" alt=\"LAS VIOLETAS  EL PORTIL. HUELVA\" width=\"596\" height=\"335\" \/><\/a><p class=\"jig-HTMLdescription\">LAS VIOLETAS  EL PORTIL. HUELVA<\/p><\/li><li><a href=\"https:\/\/juanjosefernandez.es\/wp-content\/uploads\/2015\/09\/22.IMG_0801-1024x683.jpg\"><img loading=\"lazy\" decoding=\"async\" src=\"https:\/\/juanjosefernandez.es\/wp-content\/plugins\/justified-image-grid\/timthumb.php?src=https%3A%2F%2Fjuanjosefernandez.es%2Fwp-content%2Fuploads%2F2015%2F09%2F22.IMG_0801-1024x683.jpg&amp;h=335&amp;w=596&amp;q=90&amp;f=.jpg\" alt=\"LAS VIOLETAS  EL PORTIL. HUELVA\" width=\"596\" height=\"335\" \/><\/a><p class=\"jig-HTMLdescription\">LAS VIOLETAS  EL PORTIL. HUELVA<\/p><\/li><li><a href=\"https:\/\/juanjosefernandez.es\/wp-content\/uploads\/2015\/09\/23.DSC02197.jpg\"><img loading=\"lazy\" decoding=\"async\" src=\"https:\/\/juanjosefernandez.es\/wp-content\/plugins\/justified-image-grid\/timthumb.php?src=https%3A%2F%2Fjuanjosefernandez.es%2Fwp-content%2Fuploads%2F2015%2F09%2F23.DSC02197.jpg&amp;h=335&amp;w=596&amp;q=90&amp;f=.jpg\" alt=\"LAS VIOLETAS  EL PORTIL. HUELVA\" width=\"596\" height=\"335\" \/><\/a><p class=\"jig-HTMLdescription\">LAS VIOLETAS  EL PORTIL. HUELVA<\/p><\/li><li><a href=\"https:\/\/juanjosefernandez.es\/wp-content\/uploads\/2015\/09\/24.IMG_9423_1024-1024x575.jpg\"><img loading=\"lazy\" decoding=\"async\" src=\"https:\/\/juanjosefernandez.es\/wp-content\/plugins\/justified-image-grid\/timthumb.php?src=https%3A%2F%2Fjuanjosefernandez.es%2Fwp-content%2Fuploads%2F2015%2F09%2F24.IMG_9423_1024-1024x575.jpg&amp;h=335&amp;w=596&amp;q=90&amp;f=.jpg\" alt=\"LAS VIOLETAS  EL PORTIL. HUELVA\" width=\"596\" height=\"335\" \/><\/a><p class=\"jig-HTMLdescription\">LAS VIOLETAS  EL PORTIL. HUELVA<\/p><\/li><li><a href=\"https:\/\/juanjosefernandez.es\/wp-content\/uploads\/2015\/09\/25.IMG_9766.jpg\"><img loading=\"lazy\" decoding=\"async\" src=\"https:\/\/juanjosefernandez.es\/wp-content\/plugins\/justified-image-grid\/timthumb.php?src=https%3A%2F%2Fjuanjosefernandez.es%2Fwp-content%2Fuploads%2F2015%2F09%2F25.IMG_9766.jpg&amp;h=335&amp;w=596&amp;q=90&amp;f=.jpg\" alt=\"LAS VIOLETAS  EL PORTIL. HUELVA\" width=\"596\" height=\"335\" \/><\/a><p class=\"jig-HTMLdescription\">LAS VIOLETAS  EL PORTIL. HUELVA<\/p><\/li><li><a href=\"https:\/\/juanjosefernandez.es\/wp-content\/uploads\/2015\/09\/26.IMG_9856.jpg\"><img loading=\"lazy\" decoding=\"async\" src=\"https:\/\/juanjosefernandez.es\/wp-content\/plugins\/justified-image-grid\/timthumb.php?src=https%3A%2F%2Fjuanjosefernandez.es%2Fwp-content%2Fuploads%2F2015%2F09%2F26.IMG_9856.jpg&amp;h=335&amp;w=596&amp;q=90&amp;f=.jpg\" alt=\"LAS VIOLETAS  EL PORTIL. HUELVA\" width=\"596\" height=\"335\" \/><\/a><p class=\"jig-HTMLdescription\">LAS VIOLETAS  EL PORTIL. HUELVA<\/p><\/li><li><a href=\"https:\/\/juanjosefernandez.es\/wp-content\/uploads\/2015\/09\/27.IMG_6191-1024x683.jpg\"><img loading=\"lazy\" decoding=\"async\" src=\"https:\/\/juanjosefernandez.es\/wp-content\/plugins\/justified-image-grid\/timthumb.php?src=https%3A%2F%2Fjuanjosefernandez.es%2Fwp-content%2Fuploads%2F2015%2F09%2F27.IMG_6191-1024x683.jpg&amp;h=335&amp;w=596&amp;q=90&amp;f=.jpg\" alt=\"LAS VIOLETAS  EL PORTIL. HUELVA\" width=\"596\" height=\"335\" \/><\/a><p class=\"jig-HTMLdescription\">LAS VIOLETAS  EL PORTIL. HUELVA<\/p><\/li><li><a href=\"https:\/\/juanjosefernandez.es\/wp-content\/uploads\/2015\/09\/28._6633_1024-1024x682.jpg\"><img loading=\"lazy\" decoding=\"async\" src=\"https:\/\/juanjosefernandez.es\/wp-content\/plugins\/justified-image-grid\/timthumb.php?src=https%3A%2F%2Fjuanjosefernandez.es%2Fwp-content%2Fuploads%2F2015%2F09%2F28._6633_1024-1024x682.jpg&amp;h=335&amp;w=596&amp;q=90&amp;f=.jpg\" alt=\"LAS VIOLETAS  EL PORTIL. HUELVA\" width=\"596\" height=\"335\" \/><\/a><p class=\"jig-HTMLdescription\">LAS VIOLETAS  EL PORTIL. HUELVA<\/p><\/li><li><a href=\"https:\/\/juanjosefernandez.es\/wp-content\/uploads\/2015\/09\/29.DSC02202.jpg\"><img loading=\"lazy\" decoding=\"async\" src=\"https:\/\/juanjosefernandez.es\/wp-content\/plugins\/justified-image-grid\/timthumb.php?src=https%3A%2F%2Fjuanjosefernandez.es%2Fwp-content%2Fuploads%2F2015%2F09%2F29.DSC02202.jpg&amp;h=335&amp;w=596&amp;q=90&amp;f=.jpg\" alt=\"LAS VIOLETAS  EL PORTIL. HUELVA\" width=\"596\" height=\"335\" \/><\/a><p class=\"jig-HTMLdescription\">LAS VIOLETAS  EL PORTIL. HUELVA<\/p><\/li><li><a href=\"https:\/\/juanjosefernandez.es\/wp-content\/uploads\/2015\/09\/30.IMG_6193-1024x683.jpg\"><img loading=\"lazy\" decoding=\"async\" src=\"https:\/\/juanjosefernandez.es\/wp-content\/plugins\/justified-image-grid\/timthumb.php?src=https%3A%2F%2Fjuanjosefernandez.es%2Fwp-content%2Fuploads%2F2015%2F09%2F30.IMG_6193-1024x683.jpg&amp;h=335&amp;w=596&amp;q=90&amp;f=.jpg\" alt=\"LAS VIOLETAS  EL PORTIL. HUELVA\" width=\"596\" height=\"335\" \/><\/a><p class=\"jig-HTMLdescription\">LAS VIOLETAS  EL PORTIL. HUELVA<\/p><\/li><li><a href=\"https:\/\/juanjosefernandez.es\/wp-content\/uploads\/2015\/09\/35.DSC01909.jpg\"><img loading=\"lazy\" decoding=\"async\" src=\"https:\/\/juanjosefernandez.es\/wp-content\/plugins\/justified-image-grid\/timthumb.php?src=https%3A%2F%2Fjuanjosefernandez.es%2Fwp-content%2Fuploads%2F2015%2F09%2F35.DSC01909.jpg&amp;h=335&amp;w=596&amp;q=90&amp;f=.jpg\" alt=\"LAS VIOLETAS  EL PORTIL. HUELVA\" width=\"596\" height=\"335\" \/><\/a><p class=\"jig-HTMLdescription\">LAS VIOLETAS  EL PORTIL. HUELVA<\/p><\/li><li><a href=\"https:\/\/juanjosefernandez.es\/wp-content\/uploads\/2015\/09\/79.IMG_9738.jpg\"><img loading=\"lazy\" decoding=\"async\" src=\"https:\/\/juanjosefernandez.es\/wp-content\/plugins\/justified-image-grid\/timthumb.php?src=https%3A%2F%2Fjuanjosefernandez.es%2Fwp-content%2Fuploads%2F2015%2F09%2F79.IMG_9738.jpg&amp;h=335&amp;w=596&amp;q=90&amp;f=.jpg\" alt=\"LAS VIOLETAS\" width=\"596\" height=\"335\" \/><\/a><p class=\"jig-HTMLdescription\">LAS VIOLETAS<\/p><\/li><li><a href=\"https:\/\/juanjosefernandez.es\/wp-content\/uploads\/2015\/09\/78.IMG_9231_1024-1024x575.jpg\"><img loading=\"lazy\" decoding=\"async\" src=\"https:\/\/juanjosefernandez.es\/wp-content\/plugins\/justified-image-grid\/timthumb.php?src=https%3A%2F%2Fjuanjosefernandez.es%2Fwp-content%2Fuploads%2F2015%2F09%2F78.IMG_9231_1024-1024x575.jpg&amp;h=335&amp;w=596&amp;q=90&amp;f=.jpg\" alt=\"LAS VIOLETAS  EL PORTIL. HUELVA\" width=\"596\" height=\"335\" \/><\/a><p class=\"jig-HTMLdescription\">LAS VIOLETAS  EL PORTIL. HUELVA<\/p><\/li><li><a href=\"https:\/\/juanjosefernandez.es\/wp-content\/uploads\/2015\/09\/77.Varias-401-1024x683.jpg\"><img loading=\"lazy\" decoding=\"async\" src=\"https:\/\/juanjosefernandez.es\/wp-content\/plugins\/justified-image-grid\/timthumb.php?src=https%3A%2F%2Fjuanjosefernandez.es%2Fwp-content%2Fuploads%2F2015%2F09%2F77.Varias-401-1024x683.jpg&amp;h=335&amp;w=596&amp;q=90&amp;f=.jpg\" alt=\"LAS VIOLETAS  EL PORTIL. HUELVA\" width=\"596\" height=\"335\" \/><\/a><p class=\"jig-HTMLdescription\">LAS VIOLETAS  EL PORTIL. HUELVA<\/p><\/li><li><a href=\"https:\/\/juanjosefernandez.es\/wp-content\/uploads\/2015\/09\/76.IMG_0838-1024x683.jpg\"><img loading=\"lazy\" decoding=\"async\" src=\"https:\/\/juanjosefernandez.es\/wp-content\/plugins\/justified-image-grid\/timthumb.php?src=https%3A%2F%2Fjuanjosefernandez.es%2Fwp-content%2Fuploads%2F2015%2F09%2F76.IMG_0838-1024x683.jpg&amp;h=335&amp;w=596&amp;q=90&amp;f=.jpg\" alt=\"LAS VIOLETAS  EL PORTIL. HUELVA\" width=\"596\" height=\"335\" \/><\/a><p class=\"jig-HTMLdescription\">LAS VIOLETAS  EL PORTIL. HUELVA<\/p><\/li><li><a href=\"https:\/\/juanjosefernandez.es\/wp-content\/uploads\/2015\/09\/75.IMG_9771.jpg\"><img loading=\"lazy\" decoding=\"async\" src=\"https:\/\/juanjosefernandez.es\/wp-content\/plugins\/justified-image-grid\/timthumb.php?src=https%3A%2F%2Fjuanjosefernandez.es%2Fwp-content%2Fuploads%2F2015%2F09%2F75.IMG_9771.jpg&amp;h=335&amp;w=596&amp;q=90&amp;f=.jpg\" alt=\"LAS VIOLETAS  EL PORTIL. HUELVA\" width=\"596\" height=\"335\" \/><\/a><p class=\"jig-HTMLdescription\">LAS VIOLETAS  EL PORTIL. HUELVA<\/p><\/li><li><a href=\"https:\/\/juanjosefernandez.es\/wp-content\/uploads\/2015\/09\/71.IMG_7948.jpg\"><img loading=\"lazy\" decoding=\"async\" src=\"https:\/\/juanjosefernandez.es\/wp-content\/plugins\/justified-image-grid\/timthumb.php?src=https%3A%2F%2Fjuanjosefernandez.es%2Fwp-content%2Fuploads%2F2015%2F09%2F71.IMG_7948.jpg&amp;h=335&amp;w=596&amp;q=90&amp;f=.jpg\" alt=\"LAS VIOLETAS  EL PORTIL. HUELVA\" width=\"596\" height=\"335\" \/><\/a><p class=\"jig-HTMLdescription\">LAS VIOLETAS  EL PORTIL. HUELVA<\/p><\/li><li><a href=\"https:\/\/juanjosefernandez.es\/wp-content\/uploads\/2015\/09\/70.IMG_6149-1024x683.jpg\"><img loading=\"lazy\" decoding=\"async\" src=\"https:\/\/juanjosefernandez.es\/wp-content\/plugins\/justified-image-grid\/timthumb.php?src=https%3A%2F%2Fjuanjosefernandez.es%2Fwp-content%2Fuploads%2F2015%2F09%2F70.IMG_6149-1024x683.jpg&amp;h=335&amp;w=596&amp;q=90&amp;f=.jpg\" alt=\"LAS VIOLETAS  EL PORTIL. HUELVA\" width=\"596\" height=\"335\" \/><\/a><p class=\"jig-HTMLdescription\">LAS VIOLETAS  EL PORTIL. HUELVA<\/p><\/li><li><a href=\"https:\/\/juanjosefernandez.es\/wp-content\/uploads\/2015\/09\/69.IMG_9373_1024-1024x575.jpg\"><img loading=\"lazy\" decoding=\"async\" src=\"https:\/\/juanjosefernandez.es\/wp-content\/plugins\/justified-image-grid\/timthumb.php?src=https%3A%2F%2Fjuanjosefernandez.es%2Fwp-content%2Fuploads%2F2015%2F09%2F69.IMG_9373_1024-1024x575.jpg&amp;h=335&amp;w=596&amp;q=90&amp;f=.jpg\" alt=\"LAS VIOLETAS  EL PORTIL. HUELVA\" width=\"596\" height=\"335\" \/><\/a><p class=\"jig-HTMLdescription\">LAS VIOLETAS  EL PORTIL. HUELVA<\/p><\/li><li><a href=\"https:\/\/juanjosefernandez.es\/wp-content\/uploads\/2015\/09\/68.IMG_0822-1024x683.jpg\"><img loading=\"lazy\" decoding=\"async\" src=\"https:\/\/juanjosefernandez.es\/wp-content\/plugins\/justified-image-grid\/timthumb.php?src=https%3A%2F%2Fjuanjosefernandez.es%2Fwp-content%2Fuploads%2F2015%2F09%2F68.IMG_0822-1024x683.jpg&amp;h=335&amp;w=596&amp;q=90&amp;f=.jpg\" alt=\"LAS VIOLETAS  EL PORTIL. HUELVA\" width=\"596\" height=\"335\" \/><\/a><p class=\"jig-HTMLdescription\">LAS VIOLETAS  EL PORTIL. HUELVA<\/p><\/li><li><a href=\"https:\/\/juanjosefernandez.es\/wp-content\/uploads\/2015\/09\/67.DSC01964.jpg\"><img loading=\"lazy\" decoding=\"async\" src=\"https:\/\/juanjosefernandez.es\/wp-content\/plugins\/justified-image-grid\/timthumb.php?src=https%3A%2F%2Fjuanjosefernandez.es%2Fwp-content%2Fuploads%2F2015%2F09%2F67.DSC01964.jpg&amp;h=335&amp;w=596&amp;q=90&amp;f=.jpg\" alt=\"LAS VIOLETAS  EL PORTIL. HUELVA\" width=\"596\" height=\"335\" \/><\/a><p class=\"jig-HTMLdescription\">LAS VIOLETAS  EL PORTIL. HUELVA<\/p><\/li><li><a href=\"https:\/\/juanjosefernandez.es\/wp-content\/uploads\/2015\/09\/66.IMG_0815-1024x683.jpg\"><img loading=\"lazy\" decoding=\"async\" src=\"https:\/\/juanjosefernandez.es\/wp-content\/plugins\/justified-image-grid\/timthumb.php?src=https%3A%2F%2Fjuanjosefernandez.es%2Fwp-content%2Fuploads%2F2015%2F09%2F66.IMG_0815-1024x683.jpg&amp;h=335&amp;w=596&amp;q=90&amp;f=.jpg\" alt=\"LAS VIOLETAS  EL PORTIL. HUELVA\" width=\"596\" height=\"335\" \/><\/a><p class=\"jig-HTMLdescription\">LAS VIOLETAS  EL PORTIL. HUELVA<\/p><\/li><li><a href=\"https:\/\/juanjosefernandez.es\/wp-content\/uploads\/2015\/09\/65.IMG_9822.jpg\"><img loading=\"lazy\" decoding=\"async\" src=\"https:\/\/juanjosefernandez.es\/wp-content\/plugins\/justified-image-grid\/timthumb.php?src=https%3A%2F%2Fjuanjosefernandez.es%2Fwp-content%2Fuploads%2F2015%2F09%2F65.IMG_9822.jpg&amp;h=335&amp;w=596&amp;q=90&amp;f=.jpg\" alt=\"LAS VIOLETAS  EL PORTIL. HUELVA\" width=\"596\" height=\"335\" \/><\/a><p class=\"jig-HTMLdescription\">LAS VIOLETAS  EL PORTIL. HUELVA<\/p><\/li><li><a href=\"https:\/\/juanjosefernandez.es\/wp-content\/uploads\/2015\/09\/64.2013-desarrollos-paisajisticos-_-las-violetas-021-1024x683.jpg\"><img loading=\"lazy\" decoding=\"async\" src=\"https:\/\/juanjosefernandez.es\/wp-content\/plugins\/justified-image-grid\/timthumb.php?src=https%3A%2F%2Fjuanjosefernandez.es%2Fwp-content%2Fuploads%2F2015%2F09%2F64.2013-desarrollos-paisajisticos-_-las-violetas-021-1024x683.jpg&amp;h=335&amp;w=596&amp;q=90&amp;f=.jpg\" alt=\"LAS VIOLETAS  EL PORTIL. HUELVA\" width=\"596\" height=\"335\" \/><\/a><p class=\"jig-HTMLdescription\">LAS VIOLETAS  EL PORTIL. HUELVA<\/p><\/li><li><a href=\"https:\/\/juanjosefernandez.es\/wp-content\/uploads\/2015\/09\/63.IMG_9395_1024-1024x575.jpg\"><img loading=\"lazy\" decoding=\"async\" src=\"https:\/\/juanjosefernandez.es\/wp-content\/plugins\/justified-image-grid\/timthumb.php?src=https%3A%2F%2Fjuanjosefernandez.es%2Fwp-content%2Fuploads%2F2015%2F09%2F63.IMG_9395_1024-1024x575.jpg&amp;h=335&amp;w=596&amp;q=90&amp;f=.jpg\" alt=\"LAS VIOLETAS  EL PORTIL. HUELVA\" width=\"596\" height=\"335\" \/><\/a><p class=\"jig-HTMLdescription\">LAS VIOLETAS  EL PORTIL. HUELVA<\/p><\/li><li><a href=\"https:\/\/juanjosefernandez.es\/wp-content\/uploads\/2015\/09\/62.Varias-360-1024x683.jpg\"><img loading=\"lazy\" decoding=\"async\" src=\"https:\/\/juanjosefernandez.es\/wp-content\/plugins\/justified-image-grid\/timthumb.php?src=https%3A%2F%2Fjuanjosefernandez.es%2Fwp-content%2Fuploads%2F2015%2F09%2F62.Varias-360-1024x683.jpg&amp;h=335&amp;w=596&amp;q=90&amp;f=.jpg\" alt=\"LAS VIOLETAS  EL PORTIL. HUELVA\" width=\"596\" height=\"335\" \/><\/a><p class=\"jig-HTMLdescription\">LAS VIOLETAS  EL PORTIL. HUELVA<\/p><\/li><li><a href=\"https:\/\/juanjosefernandez.es\/wp-content\/uploads\/2015\/09\/61.IMG_0814-1024x683.jpg\"><img loading=\"lazy\" decoding=\"async\" src=\"https:\/\/juanjosefernandez.es\/wp-content\/plugins\/justified-image-grid\/timthumb.php?src=https%3A%2F%2Fjuanjosefernandez.es%2Fwp-content%2Fuploads%2F2015%2F09%2F61.IMG_0814-1024x683.jpg&amp;h=335&amp;w=596&amp;q=90&amp;f=.jpg\" alt=\"LAS VIOLETAS  EL PORTIL. HUELVA\" width=\"596\" height=\"335\" \/><\/a><p class=\"jig-HTMLdescription\">LAS VIOLETAS  EL PORTIL. HUELVA<\/p><\/li><li><a href=\"https:\/\/juanjosefernandez.es\/wp-content\/uploads\/2015\/09\/60.DSC02828.jpg\"><img loading=\"lazy\" decoding=\"async\" src=\"https:\/\/juanjosefernandez.es\/wp-content\/plugins\/justified-image-grid\/timthumb.php?src=https%3A%2F%2Fjuanjosefernandez.es%2Fwp-content%2Fuploads%2F2015%2F09%2F60.DSC02828.jpg&amp;h=335&amp;w=596&amp;q=90&amp;f=.jpg\" alt=\"LAS VIOLETAS  EL PORTIL. HUELVA\" width=\"596\" height=\"335\" \/><\/a><p class=\"jig-HTMLdescription\">LAS VIOLETAS  EL PORTIL. HUELVA<\/p><\/li><li><a href=\"https:\/\/juanjosefernandez.es\/wp-content\/uploads\/2015\/09\/58.Varias-359-1024x683.jpg\"><img loading=\"lazy\" decoding=\"async\" src=\"https:\/\/juanjosefernandez.es\/wp-content\/plugins\/justified-image-grid\/timthumb.php?src=https%3A%2F%2Fjuanjosefernandez.es%2Fwp-content%2Fuploads%2F2015%2F09%2F58.Varias-359-1024x683.jpg&amp;h=335&amp;w=596&amp;q=90&amp;f=.jpg\" alt=\"LAS VIOLETAS  EL PORTIL. HUELVA\" width=\"596\" height=\"335\" \/><\/a><p class=\"jig-HTMLdescription\">LAS VIOLETAS  EL PORTIL. HUELVA<\/p><\/li><li><a href=\"https:\/\/juanjosefernandez.es\/wp-content\/uploads\/2015\/09\/57-1024x683.jpg\"><img loading=\"lazy\" decoding=\"async\" src=\"https:\/\/juanjosefernandez.es\/wp-content\/plugins\/justified-image-grid\/timthumb.php?src=https%3A%2F%2Fjuanjosefernandez.es%2Fwp-content%2Fuploads%2F2015%2F09%2F57-1024x683.jpg&amp;h=335&amp;w=596&amp;q=90&amp;f=.jpg\" alt=\"LAS VIOLETAS  EL PORTIL. HUELVA\" width=\"596\" height=\"335\" \/><\/a><p class=\"jig-HTMLdescription\">LAS VIOLETAS  EL PORTIL. HUELVA<\/p><\/li><li><a href=\"https:\/\/juanjosefernandez.es\/wp-content\/uploads\/2015\/09\/53.las-violetas-019-1024x683.jpg\"><img loading=\"lazy\" decoding=\"async\" src=\"https:\/\/juanjosefernandez.es\/wp-content\/plugins\/justified-image-grid\/timthumb.php?src=https%3A%2F%2Fjuanjosefernandez.es%2Fwp-content%2Fuploads%2F2015%2F09%2F53.las-violetas-019-1024x683.jpg&amp;h=335&amp;w=596&amp;q=90&amp;f=.jpg\" alt=\"LAS VIOLETAS  EL PORTIL. HUELVA\" width=\"596\" height=\"335\" \/><\/a><p class=\"jig-HTMLdescription\">LAS VIOLETAS  EL PORTIL. HUELVA<\/p><\/li><li><a href=\"https:\/\/juanjosefernandez.es\/wp-content\/uploads\/2015\/09\/51.IMG_6152-1024x683.jpg\"><img loading=\"lazy\" decoding=\"async\" src=\"https:\/\/juanjosefernandez.es\/wp-content\/plugins\/justified-image-grid\/timthumb.php?src=https%3A%2F%2Fjuanjosefernandez.es%2Fwp-content%2Fuploads%2F2015%2F09%2F51.IMG_6152-1024x683.jpg&amp;h=335&amp;w=596&amp;q=90&amp;f=.jpg\" alt=\"LAS VIOLETAS  EL PORTIL. HUELVA\" width=\"596\" height=\"335\" \/><\/a><p class=\"jig-HTMLdescription\">LAS VIOLETAS  EL PORTIL. HUELVA<\/p><\/li><li><a href=\"https:\/\/juanjosefernandez.es\/wp-content\/uploads\/2015\/09\/50.IMG_6164-1024x683.jpg\"><img loading=\"lazy\" decoding=\"async\" src=\"https:\/\/juanjosefernandez.es\/wp-content\/plugins\/justified-image-grid\/timthumb.php?src=https%3A%2F%2Fjuanjosefernandez.es%2Fwp-content%2Fuploads%2F2015%2F09%2F50.IMG_6164-1024x683.jpg&amp;h=335&amp;w=596&amp;q=90&amp;f=.jpg\" alt=\"LAS VIOLETAS  EL PORTIL. HUELVA\" width=\"596\" height=\"335\" \/><\/a><p class=\"jig-HTMLdescription\">LAS VIOLETAS  EL PORTIL. HUELVA<\/p><\/li><li><a href=\"https:\/\/juanjosefernandez.es\/wp-content\/uploads\/2015\/09\/49.IMG_7477_1024-1024x683.jpg\"><img loading=\"lazy\" decoding=\"async\" src=\"https:\/\/juanjosefernandez.es\/wp-content\/plugins\/justified-image-grid\/timthumb.php?src=https%3A%2F%2Fjuanjosefernandez.es%2Fwp-content%2Fuploads%2F2015%2F09%2F49.IMG_7477_1024-1024x683.jpg&amp;h=335&amp;w=596&amp;q=90&amp;f=.jpg\" alt=\"LAS VIOLETAS  EL PORTIL. HUELVA\" width=\"596\" height=\"335\" \/><\/a><p class=\"jig-HTMLdescription\">LAS VIOLETAS  EL PORTIL. HUELVA<\/p><\/li><li><a href=\"https:\/\/juanjosefernandez.es\/wp-content\/uploads\/2015\/09\/48.IMG_9848.jpg\"><img loading=\"lazy\" decoding=\"async\" src=\"https:\/\/juanjosefernandez.es\/wp-content\/plugins\/justified-image-grid\/timthumb.php?src=https%3A%2F%2Fjuanjosefernandez.es%2Fwp-content%2Fuploads%2F2015%2F09%2F48.IMG_9848.jpg&amp;h=335&amp;w=596&amp;q=90&amp;f=.jpg\" alt=\"LAS VIOLETAS  EL PORTIL. HUELVA\" width=\"596\" height=\"335\" \/><\/a><p class=\"jig-HTMLdescription\">LAS VIOLETAS  EL PORTIL. HUELVA<\/p><\/li><li><a href=\"https:\/\/juanjosefernandez.es\/wp-content\/uploads\/2015\/09\/47.Varias-381-1024x683.jpg\"><img loading=\"lazy\" decoding=\"async\" src=\"https:\/\/juanjosefernandez.es\/wp-content\/plugins\/justified-image-grid\/timthumb.php?src=https%3A%2F%2Fjuanjosefernandez.es%2Fwp-content%2Fuploads%2F2015%2F09%2F47.Varias-381-1024x683.jpg&amp;h=335&amp;w=596&amp;q=90&amp;f=.jpg\" alt=\"LAS VIOLETAS  EL PORTIL. HUELVA\" width=\"596\" height=\"335\" \/><\/a><p class=\"jig-HTMLdescription\">LAS VIOLETAS  EL PORTIL. HUELVA<\/p><\/li><li><a href=\"https:\/\/juanjosefernandez.es\/wp-content\/uploads\/2015\/09\/46.IMG_9858.jpg\"><img loading=\"lazy\" decoding=\"async\" src=\"https:\/\/juanjosefernandez.es\/wp-content\/plugins\/justified-image-grid\/timthumb.php?src=https%3A%2F%2Fjuanjosefernandez.es%2Fwp-content%2Fuploads%2F2015%2F09%2F46.IMG_9858.jpg&amp;h=335&amp;w=596&amp;q=90&amp;f=.jpg\" alt=\"LAS VIOLETAS  EL PORTIL. HUELVA\" width=\"596\" height=\"335\" \/><\/a><p class=\"jig-HTMLdescription\">LAS VIOLETAS  EL PORTIL. HUELVA<\/p><\/li><li><a href=\"https:\/\/juanjosefernandez.es\/wp-content\/uploads\/2015\/09\/45.DSC01917.jpg\"><img loading=\"lazy\" decoding=\"async\" src=\"https:\/\/juanjosefernandez.es\/wp-content\/plugins\/justified-image-grid\/timthumb.php?src=https%3A%2F%2Fjuanjosefernandez.es%2Fwp-content%2Fuploads%2F2015%2F09%2F45.DSC01917.jpg&amp;h=335&amp;w=596&amp;q=90&amp;f=.jpg\" alt=\"LAS VIOLETAS  EL PORTIL. HUELVA\" width=\"596\" height=\"335\" \/><\/a><p class=\"jig-HTMLdescription\">LAS VIOLETAS  EL PORTIL. HUELVA<\/p><\/li><li><a href=\"https:\/\/juanjosefernandez.es\/wp-content\/uploads\/2015\/09\/44.IMG_6196-1024x683.jpg\"><img loading=\"lazy\" decoding=\"async\" src=\"https:\/\/juanjosefernandez.es\/wp-content\/plugins\/justified-image-grid\/timthumb.php?src=https%3A%2F%2Fjuanjosefernandez.es%2Fwp-content%2Fuploads%2F2015%2F09%2F44.IMG_6196-1024x683.jpg&amp;h=335&amp;w=596&amp;q=90&amp;f=.jpg\" alt=\"LAS VIOLETAS  EL PORTIL. HUELVA\" width=\"596\" height=\"335\" \/><\/a><p class=\"jig-HTMLdescription\">LAS VIOLETAS  EL PORTIL. HUELVA<\/p><\/li><li><a href=\"https:\/\/juanjosefernandez.es\/wp-content\/uploads\/2015\/09\/43.IMG_0102.jpg\"><img loading=\"lazy\" decoding=\"async\" src=\"https:\/\/juanjosefernandez.es\/wp-content\/plugins\/justified-image-grid\/timthumb.php?src=https%3A%2F%2Fjuanjosefernandez.es%2Fwp-content%2Fuploads%2F2015%2F09%2F43.IMG_0102.jpg&amp;h=335&amp;w=596&amp;q=90&amp;f=.jpg\" alt=\"LAS VIOLETAS  EL PORTIL. HUELVA\" width=\"596\" height=\"335\" \/><\/a><p class=\"jig-HTMLdescription\">LAS VIOLETAS  EL PORTIL. HUELVA<\/p><\/li><li><a href=\"https:\/\/juanjosefernandez.es\/wp-content\/uploads\/2015\/09\/40.IMG_0851-1024x683.jpg\"><img loading=\"lazy\" decoding=\"async\" src=\"https:\/\/juanjosefernandez.es\/wp-content\/plugins\/justified-image-grid\/timthumb.php?src=https%3A%2F%2Fjuanjosefernandez.es%2Fwp-content%2Fuploads%2F2015%2F09%2F40.IMG_0851-1024x683.jpg&amp;h=335&amp;w=596&amp;q=90&amp;f=.jpg\" alt=\"LAS VIOLETAS  EL PORTIL. HUELVA\" width=\"596\" height=\"335\" \/><\/a><p class=\"jig-HTMLdescription\">LAS VIOLETAS  EL PORTIL. HUELVA<\/p><\/li><li><a href=\"https:\/\/juanjosefernandez.es\/wp-content\/uploads\/2015\/09\/39.DSC02019.jpg\"><img loading=\"lazy\" decoding=\"async\" src=\"https:\/\/juanjosefernandez.es\/wp-content\/plugins\/justified-image-grid\/timthumb.php?src=https%3A%2F%2Fjuanjosefernandez.es%2Fwp-content%2Fuploads%2F2015%2F09%2F39.DSC02019.jpg&amp;h=335&amp;w=596&amp;q=90&amp;f=.jpg\" alt=\"LAS VIOLETAS  EL PORTIL. HUELVA\" width=\"596\" height=\"335\" \/><\/a><p class=\"jig-HTMLdescription\">LAS VIOLETAS  EL PORTIL. HUELVA<\/p><\/li><li><a href=\"https:\/\/juanjosefernandez.es\/wp-content\/uploads\/2015\/09\/38.DSC02028a-1024x575.jpg\"><img loading=\"lazy\" decoding=\"async\" src=\"https:\/\/juanjosefernandez.es\/wp-content\/plugins\/justified-image-grid\/timthumb.php?src=https%3A%2F%2Fjuanjosefernandez.es%2Fwp-content%2Fuploads%2F2015%2F09%2F38.DSC02028a-1024x575.jpg&amp;h=335&amp;w=596&amp;q=90&amp;f=.jpg\" alt=\"LAS VIOLETAS  EL PORTIL. HUELVA\" width=\"596\" height=\"335\" \/><\/a><p class=\"jig-HTMLdescription\">LAS VIOLETAS  EL PORTIL. HUELVA<\/p><\/li><li><a href=\"https:\/\/juanjosefernandez.es\/wp-content\/uploads\/2015\/09\/37.DSC02028.jpg\"><img loading=\"lazy\" decoding=\"async\" src=\"https:\/\/juanjosefernandez.es\/wp-content\/plugins\/justified-image-grid\/timthumb.php?src=https%3A%2F%2Fjuanjosefernandez.es%2Fwp-content%2Fuploads%2F2015%2F09%2F37.DSC02028.jpg&amp;h=335&amp;w=596&amp;q=90&amp;f=.jpg\" alt=\"LAS VIOLETAS  EL PORTIL. HUELVA\" width=\"596\" height=\"335\" \/><\/a><p class=\"jig-HTMLdescription\">LAS VIOLETAS  EL PORTIL. HUELVA<\/p><\/li><li><a href=\"https:\/\/juanjosefernandez.es\/wp-content\/uploads\/2015\/09\/36.IMG_9378_1024-1024x575.jpg\"><img loading=\"lazy\" decoding=\"async\" src=\"https:\/\/juanjosefernandez.es\/wp-content\/plugins\/justified-image-grid\/timthumb.php?src=https%3A%2F%2Fjuanjosefernandez.es%2Fwp-content%2Fuploads%2F2015%2F09%2F36.IMG_9378_1024-1024x575.jpg&amp;h=335&amp;w=596&amp;q=90&amp;f=.jpg\" alt=\"LAS VIOLETAS  EL PORTIL. HUELVA\" width=\"596\" height=\"335\" \/><\/a><p class=\"jig-HTMLdescription\">LAS VIOLETAS  EL PORTIL. HUELVA<\/p><\/li><\/ul><\/noscript><\/div>[\/vc_column][\/vc_row]<\/p>\n<\/div>","protected":false},"excerpt":{"rendered":"<p>[vc_row][vc_column width=&#8221;1\/2&#8243;][vc_column_text]Jard\u00edn de 1100 m2 de nueva construcci\u00f3n, situado en la zona costera de Huelva. Se realiza un Proyecto en el que se detallan todas las construcciones que conformar\u00e1n el nuevo jard\u00edn; as\u00ed pues, se ejecuta un canal de agua que termina en una fuente de corte arabesco. Se redise\u00f1a la piscina visti\u00e9ndola con m\u00e1rmol&hellip;<\/p>\n","protected":false},"author":1,"featured_media":204,"template":"","meta":{"_acf_changed":false,"inline_featured_image":false,"footnotes":""},"portfolio_category":[9,11],"portfolio_tag":[],"class_list":["post-146","portfolio","type-portfolio","status-publish","has-post-thumbnail","hentry","portfolio_category-cottages","portfolio_category-public-garden"],"acf":[],"yoast_head":"<!-- This site is optimized with the Yoast SEO plugin v24.9 - https:\/\/yoast.com\/wordpress\/plugins\/seo\/ -->\n<title>Las Violetas<\/title>\n<meta name=\"description\" content=\"Las Violetas\" \/>\n<meta name=\"robots\" content=\"index, follow, max-snippet:-1, max-image-preview:large, max-video-preview:-1\" \/>\n<link rel=\"canonical\" href=\"https:\/\/juanjosefernandez.es\/pt\/portfolio\/las-violetas\/\" \/>\n<meta property=\"og:locale\" content=\"pt_PT\" \/>\n<meta property=\"og:type\" content=\"article\" \/>\n<meta property=\"og:title\" content=\"Las Violetas\" \/>\n<meta property=\"og:description\" content=\"Las Violetas\" \/>\n<meta property=\"og:url\" content=\"https:\/\/juanjosefernandez.es\/pt\/portfolio\/las-violetas\/\" \/>\n<meta property=\"og:site_name\" content=\"juanjosefernandez\" \/>\n<meta property=\"article:modified_time\" content=\"2016-01-12T11:14:45+00:00\" \/>\n<meta property=\"og:image\" content=\"https:\/\/juanjosefernandez.es\/wp-content\/uploads\/2015\/09\/71.IMG_7948.jpg\" \/>\n\t<meta property=\"og:image:width\" content=\"541\" \/>\n\t<meta property=\"og:image:height\" content=\"724\" \/>\n\t<meta property=\"og:image:type\" content=\"image\/jpeg\" \/>\n<meta name=\"twitter:card\" content=\"summary_large_image\" \/>\n<meta name=\"twitter:label1\" content=\"Tempo estimado de leitura\" \/>\n\t<meta name=\"twitter:data1\" content=\"4 minutos\" \/>\n<script type=\"application\/ld+json\" class=\"yoast-schema-graph\">{\"@context\":\"https:\/\/schema.org\",\"@graph\":[{\"@type\":\"WebPage\",\"@id\":\"https:\/\/juanjosefernandez.es\/pt\/portfolio\/las-violetas\/\",\"url\":\"https:\/\/juanjosefernandez.es\/pt\/portfolio\/las-violetas\/\",\"name\":\"Las Violetas\",\"isPartOf\":{\"@id\":\"https:\/\/juanjosefernandez.es\/pt\/#website\"},\"primaryImageOfPage\":{\"@id\":\"https:\/\/juanjosefernandez.es\/pt\/portfolio\/las-violetas\/#primaryimage\"},\"image\":{\"@id\":\"https:\/\/juanjosefernandez.es\/portfolio\/las-violetas\/#primaryimage\"},\"thumbnailUrl\":\"https:\/\/juanjosefernandez.es\/wp-content\/uploads\/2015\/09\/71.IMG_7948.jpg\",\"datePublished\":\"2015-09-23T15:50:42+00:00\",\"dateModified\":\"2016-01-12T11:14:45+00:00\",\"description\":\"Las Violetas\",\"breadcrumb\":{\"@id\":\"https:\/\/juanjosefernandez.es\/pt\/portfolio\/las-violetas\/#breadcrumb\"},\"inLanguage\":\"pt-PT\",\"potentialAction\":[{\"@type\":\"ReadAction\",\"target\":[[\"https:\/\/juanjosefernandez.es\/pt\/portfolio\/las-violetas\/\"]]}]},{\"@type\":\"ImageObject\",\"inLanguage\":\"pt-PT\",\"@id\":\"https:\/\/juanjosefernandez.es\/pt\/portfolio\/las-violetas\/#primaryimage\",\"url\":\"https:\/\/juanjosefernandez.es\/wp-content\/uploads\/2015\/09\/71.IMG_7948.jpg\",\"contentUrl\":\"https:\/\/juanjosefernandez.es\/wp-content\/uploads\/2015\/09\/71.IMG_7948.jpg\",\"width\":541,\"height\":724,\"caption\":\"Juan Jos\u00e9 Fern\u00e1ndez - Jardiner\u00eda y Paisajismo - Huelva\"},{\"@type\":\"BreadcrumbList\",\"@id\":\"https:\/\/juanjosefernandez.es\/pt\/portfolio\/las-violetas\/#breadcrumb\",\"itemListElement\":[{\"@type\":\"ListItem\",\"position\":1,\"name\":\"Portada\",\"item\":\"https:\/\/juanjosefernandez.es\/pt\/\"},{\"@type\":\"ListItem\",\"position\":2,\"name\":\"Portfolio\",\"item\":\"https:\/\/juanjosefernandez.es\/pt\/portfolio\/\"},{\"@type\":\"ListItem\",\"position\":3,\"name\":\"Las Violetas\"}]},{\"@type\":\"WebSite\",\"@id\":\"https:\/\/juanjosefernandez.es\/pt\/#website\",\"url\":\"https:\/\/juanjosefernandez.es\/pt\/\",\"name\":\"juanjosefernandez\",\"description\":\"paisajista | landscaper\",\"publisher\":{\"@id\":\"https:\/\/juanjosefernandez.es\/pt\/#\/schema\/person\/48b0547b9beac3e217ece751a4575600\"},\"potentialAction\":[{\"@type\":\"SearchAction\",\"target\":{\"@type\":\"EntryPoint\",\"urlTemplate\":\"https:\/\/juanjosefernandez.es\/pt\/?s={search_term_string}\"},\"query-input\":{\"@type\":\"PropertyValueSpecification\",\"valueRequired\":true,\"valueName\":\"search_term_string\"}}],\"inLanguage\":\"pt-PT\"},{\"@type\":[\"Person\",\"Organization\"],\"@id\":\"https:\/\/juanjosefernandez.es\/pt\/#\/schema\/person\/48b0547b9beac3e217ece751a4575600\",\"name\":\"juanjosefernandez\",\"image\":{\"@type\":\"ImageObject\",\"inLanguage\":\"pt-PT\",\"@id\":\"https:\/\/juanjosefernandez.es\/pt\/#\/schema\/person\/image\/\",\"url\":\"https:\/\/juanjosefernandez.es\/wp-content\/uploads\/2015\/07\/jj-simbolo2.png\",\"contentUrl\":\"https:\/\/juanjosefernandez.es\/wp-content\/uploads\/2015\/07\/jj-simbolo2.png\",\"width\":198,\"height\":198,\"caption\":\"juanjosefernandez\"},\"logo\":{\"@id\":\"https:\/\/juanjosefernandez.es\/pt\/#\/schema\/person\/image\/\"}}]}<\/script>\n<!-- \/ Yoast SEO plugin. -->","yoast_head_json":{"title":"Las Violetas","description":"Las Violetas","robots":{"index":"index","follow":"follow","max-snippet":"max-snippet:-1","max-image-preview":"max-image-preview:large","max-video-preview":"max-video-preview:-1"},"canonical":"https:\/\/juanjosefernandez.es\/pt\/portfolio\/las-violetas\/","og_locale":"pt_PT","og_type":"article","og_title":"Las Violetas","og_description":"Las Violetas","og_url":"https:\/\/juanjosefernandez.es\/pt\/portfolio\/las-violetas\/","og_site_name":"juanjosefernandez","article_modified_time":"2016-01-12T11:14:45+00:00","og_image":[{"width":541,"height":724,"url":"https:\/\/juanjosefernandez.es\/wp-content\/uploads\/2015\/09\/71.IMG_7948.jpg","type":"image\/jpeg"}],"twitter_card":"summary_large_image","twitter_misc":{"Tempo estimado de leitura":"4 minutos"},"schema":{"@context":"https:\/\/schema.org","@graph":[{"@type":"WebPage","@id":"https:\/\/juanjosefernandez.es\/pt\/portfolio\/las-violetas\/","url":"https:\/\/juanjosefernandez.es\/pt\/portfolio\/las-violetas\/","name":"Las Violetas","isPartOf":{"@id":"https:\/\/juanjosefernandez.es\/pt\/#website"},"primaryImageOfPage":{"@id":"https:\/\/juanjosefernandez.es\/pt\/portfolio\/las-violetas\/#primaryimage"},"image":{"@id":"https:\/\/juanjosefernandez.es\/portfolio\/las-violetas\/#primaryimage"},"thumbnailUrl":"https:\/\/juanjosefernandez.es\/wp-content\/uploads\/2015\/09\/71.IMG_7948.jpg","datePublished":"2015-09-23T15:50:42+00:00","dateModified":"2016-01-12T11:14:45+00:00","description":"Las Violetas","breadcrumb":{"@id":"https:\/\/juanjosefernandez.es\/pt\/portfolio\/las-violetas\/#breadcrumb"},"inLanguage":"pt-PT","potentialAction":[{"@type":"ReadAction","target":[["https:\/\/juanjosefernandez.es\/pt\/portfolio\/las-violetas\/"]]}]},{"@type":"ImageObject","inLanguage":"pt-PT","@id":"https:\/\/juanjosefernandez.es\/pt\/portfolio\/las-violetas\/#primaryimage","url":"https:\/\/juanjosefernandez.es\/wp-content\/uploads\/2015\/09\/71.IMG_7948.jpg","contentUrl":"https:\/\/juanjosefernandez.es\/wp-content\/uploads\/2015\/09\/71.IMG_7948.jpg","width":541,"height":724,"caption":"Juan Jos\u00e9 Fern\u00e1ndez - Jardiner\u00eda y Paisajismo - Huelva"},{"@type":"BreadcrumbList","@id":"https:\/\/juanjosefernandez.es\/pt\/portfolio\/las-violetas\/#breadcrumb","itemListElement":[{"@type":"ListItem","position":1,"name":"Portada","item":"https:\/\/juanjosefernandez.es\/pt\/"},{"@type":"ListItem","position":2,"name":"Portfolio","item":"https:\/\/juanjosefernandez.es\/pt\/portfolio\/"},{"@type":"ListItem","position":3,"name":"Las Violetas"}]},{"@type":"WebSite","@id":"https:\/\/juanjosefernandez.es\/pt\/#website","url":"https:\/\/juanjosefernandez.es\/pt\/","name":"juanjosefernandez","description":"paisajista | landscaper","publisher":{"@id":"https:\/\/juanjosefernandez.es\/pt\/#\/schema\/person\/48b0547b9beac3e217ece751a4575600"},"potentialAction":[{"@type":"SearchAction","target":{"@type":"EntryPoint","urlTemplate":"https:\/\/juanjosefernandez.es\/pt\/?s={search_term_string}"},"query-input":{"@type":"PropertyValueSpecification","valueRequired":true,"valueName":"search_term_string"}}],"inLanguage":"pt-PT"},{"@type":["Person","Organization"],"@id":"https:\/\/juanjosefernandez.es\/pt\/#\/schema\/person\/48b0547b9beac3e217ece751a4575600","name":"juanjosefernandez","image":{"@type":"ImageObject","inLanguage":"pt-PT","@id":"https:\/\/juanjosefernandez.es\/pt\/#\/schema\/person\/image\/","url":"https:\/\/juanjosefernandez.es\/wp-content\/uploads\/2015\/07\/jj-simbolo2.png","contentUrl":"https:\/\/juanjosefernandez.es\/wp-content\/uploads\/2015\/07\/jj-simbolo2.png","width":198,"height":198,"caption":"juanjosefernandez"},"logo":{"@id":"https:\/\/juanjosefernandez.es\/pt\/#\/schema\/person\/image\/"}}]}},"_links":{"self":[{"href":"https:\/\/juanjosefernandez.es\/pt\/wp-json\/wp\/v2\/portfolio\/146"}],"collection":[{"href":"https:\/\/juanjosefernandez.es\/pt\/wp-json\/wp\/v2\/portfolio"}],"about":[{"href":"https:\/\/juanjosefernandez.es\/pt\/wp-json\/wp\/v2\/types\/portfolio"}],"author":[{"embeddable":true,"href":"https:\/\/juanjosefernandez.es\/pt\/wp-json\/wp\/v2\/users\/1"}],"version-history":[{"count":31,"href":"https:\/\/juanjosefernandez.es\/pt\/wp-json\/wp\/v2\/portfolio\/146\/revisions"}],"predecessor-version":[{"id":1118,"href":"https:\/\/juanjosefernandez.es\/pt\/wp-json\/wp\/v2\/portfolio\/146\/revisions\/1118"}],"wp:featuredmedia":[{"embeddable":true,"href":"https:\/\/juanjosefernandez.es\/pt\/wp-json\/wp\/v2\/media\/204"}],"wp:attachment":[{"href":"https:\/\/juanjosefernandez.es\/pt\/wp-json\/wp\/v2\/media?parent=146"}],"wp:term":[{"taxonomy":"portfolio_category","embeddable":true,"href":"https:\/\/juanjosefernandez.es\/pt\/wp-json\/wp\/v2\/portfolio_category?post=146"},{"taxonomy":"portfolio_tag","embeddable":true,"href":"https:\/\/juanjosefernandez.es\/pt\/wp-json\/wp\/v2\/portfolio_tag?post=146"}],"curies":[{"name":"wp","href":"https:\/\/api.w.org\/{rel}","templated":true}]}}